{"id":3734,"date":"2025-08-21T12:29:49","date_gmt":"2025-08-21T10:29:49","guid":{"rendered":"https:\/\/danse-soufie.com\/?page_id=3734"},"modified":"2025-11-14T16:13:21","modified_gmt":"2025-11-14T15:13:21","slug":"inscription-ecole-internationale","status":"publish","type":"page","link":"https:\/\/danse-soufie.com\/fr\/inscription-ecole-internationale\/","title":{"rendered":"Inscription \u00e9cole internationale"},"content":{"rendered":"\t\t<div data-elementor-type=\"wp-page\" data-elementor-id=\"3734\" class=\"elementor elementor-3734\" data-elementor-settings=\"{&quot;ha_cmc_init_switcher&quot;:&quot;no&quot;}\" data-elementor-post-type=\"page\">\n\t\t\t\t<div class=\"elementor-element elementor-element-3164b83 e-con-full e-flex e-con e-parent\" data-id=\"3164b83\" data-element_type=\"container\" data-e-type=\"container\" data-settings=\"{&quot;_ha_eqh_enable&quot;:false}\">\n\t\t<div class=\"elementor-element elementor-element-94949cf e-flex e-con-boxed e-con e-child\" data-id=\"94949cf\" data-element_type=\"container\" data-e-type=\"container\" data-settings=\"{&quot;background_background&quot;:&quot;classic&quot;,&quot;_ha_eqh_enable&quot;:false}\">\n\t\t\t\t\t<div class=\"e-con-inner\">\n\t\t<div class=\"elementor-element elementor-element-a880c41 e-con-full e-flex e-con e-child\" data-id=\"a880c41\" data-element_type=\"container\" data-e-type=\"container\" data-settings=\"{&quot;_ha_eqh_enable&quot;:false}\">\n\t\t\t\t<div class=\"elementor-element elementor-element-4f8abee exad-sticky-section-no exad-glass-effect-no elementor-widget elementor-widget-eael-breadcrumbs\" data-id=\"4f8abee\" data-element_type=\"widget\" data-e-type=\"widget\" data-widget_type=\"eael-breadcrumbs.default\">\n\t\t\t\t<div class=\"elementor-widget-container\">\n\t\t\t\t\t\t\t<div class=\"eael-breadcrumbs\">\n\t\t\t<div class=\"eael-breadcrumbs__content\"><a href=\"https:\/\/danse-soufie.com\/fr\">Home<\/a> <span class=\"eael-breadcrumb-separator\">\/<\/span> <span class = \"eael-current\">Page<\/span><\/div>\t\t<\/div>\n\t\t\t\t\t\t<\/div>\n\t\t\t\t<\/div>\n\t\t\t\t<\/div>\n\t\t<div class=\"elementor-element elementor-element-c81fce5 e-con-full elementor-hidden-widescreen elementor-hidden-desktop elementor-hidden-laptop elementor-hidden-tablet_extra elementor-hidden-tablet elementor-hidden-mobile e-flex e-con e-child\" data-id=\"c81fce5\" data-element_type=\"container\" data-e-type=\"container\" data-settings=\"{&quot;_ha_eqh_enable&quot;:false}\">\n\t\t\t\t<div class=\"elementor-element elementor-element-f7fe433 elementor-hidden-widescreen elementor-hidden-desktop elementor-hidden-laptop elementor-hidden-tablet_extra elementor-hidden-tablet elementor-hidden-mobile exad-sticky-section-no exad-glass-effect-no elementor-widget elementor-widget-text-editor\" data-id=\"f7fe433\" data-element_type=\"widget\" data-e-type=\"widget\" data-widget_type=\"text-editor.default\">\n\t\t\t\t<div class=\"elementor-widget-container\">\n\t\t\t\t\t\t\t\t\t<p>Toutes les informations n\u00e9cessaires seront mises en ligne tr\u00e8s prochainement.<\/p>\t\t\t\t\t\t\t\t<\/div>\n\t\t\t\t<\/div>\n\t\t\t\t<div class=\"elementor-element elementor-element-c679fae elementor-align-center elementor-hidden-widescreen elementor-hidden-desktop elementor-hidden-laptop elementor-hidden-tablet_extra elementor-hidden-tablet elementor-hidden-mobile exad-sticky-section-no exad-glass-effect-no elementor-widget elementor-widget-button\" data-id=\"c679fae\" data-element_type=\"widget\" data-e-type=\"widget\" data-widget_type=\"button.default\">\n\t\t\t\t<div class=\"elementor-widget-container\">\n\t\t\t\t\t\t\t\t\t<div class=\"elementor-button-wrapper\">\n\t\t\t\t\t<a class=\"elementor-button elementor-button-link elementor-size-sm\" href=\"https:\/\/danse-soufie.com\/fr\/ecole-internationale\/\">\n\t\t\t\t\t\t<span class=\"elementor-button-content-wrapper\">\n\t\t\t\t\t\t\t\t\t<span class=\"elementor-button-text\">Revenir \u00e0 la page pr\u00e9c\u00e9dente<\/span>\n\t\t\t\t\t<\/span>\n\t\t\t\t\t<\/a>\n\t\t\t\t<\/div>\n\t\t\t\t\t\t\t\t<\/div>\n\t\t\t\t<\/div>\n\t\t\t\t<\/div>\n\t\t\t\t<div class=\"elementor-element elementor-element-bd41cf7 e-n-tabs-none exad-sticky-section-no exad-glass-effect-no elementor-widget elementor-widget-n-tabs\" data-id=\"bd41cf7\" data-element_type=\"widget\" data-e-type=\"widget\" data-settings=\"{&quot;tabs_justify_horizontal&quot;:&quot;center&quot;,&quot;horizontal_scroll_mobile&quot;:&quot;disable&quot;,&quot;horizontal_scroll&quot;:&quot;disable&quot;}\" data-widget_type=\"nested-tabs.default\">\n\t\t\t\t<div class=\"elementor-widget-container\">\n\t\t\t\t\t\t\t<div class=\"e-n-tabs\" data-widget-number=\"198450423\" aria-label=\"Onglets. Ouvrez des \u00e9l\u00e9ments avec Entrer ou Espace, fermez-les avec Echape et naviguez \u00e0 l&#039;aide des touches fl\u00e9ch\u00e9es.\">\n\t\t\t<div class=\"e-n-tabs-heading\" role=\"tablist\">\n\t\t\t\t\t<button id=\"e-n-tab-title-1984504231\" data-tab-title-id=\"e-n-tab-title-1984504231\" class=\"e-n-tab-title elementor-animation-float\" aria-selected=\"true\" data-tab-index=\"1\" role=\"tab\" tabindex=\"0\" aria-controls=\"e-n-tab-content-1984504231\" style=\"--n-tabs-title-order: 1;\">\n\t\t\t\t\t\t<span class=\"e-n-tab-title-text\">\n\t\t\t\tToutes les dates\t\t\t<\/span>\n\t\t<\/button>\n\t\t\t\t<button id=\"e-n-tab-title-1984504232\" data-tab-title-id=\"e-n-tab-title-1984504232\" class=\"e-n-tab-title elementor-animation-float\" aria-selected=\"false\" data-tab-index=\"2\" role=\"tab\" tabindex=\"-1\" aria-controls=\"e-n-tab-content-1984504232\" style=\"--n-tabs-title-order: 2;\">\n\t\t\t\t\t\t<span class=\"e-n-tab-title-text\">\n\t\t\t\t1 Module\t\t\t<\/span>\n\t\t<\/button>\n\t\t\t\t<button id=\"e-n-tab-title-1984504233\" data-tab-title-id=\"e-n-tab-title-1984504233\" class=\"e-n-tab-title elementor-animation-float\" aria-selected=\"false\" data-tab-index=\"3\" role=\"tab\" tabindex=\"-1\" aria-controls=\"e-n-tab-content-1984504233\" style=\"--n-tabs-title-order: 3;\">\n\t\t\t\t\t\t<span class=\"e-n-tab-title-text\">\n\t\t\t\t2 Modules\t\t\t<\/span>\n\t\t<\/button>\n\t\t\t\t<button id=\"e-n-tab-title-1984504234\" data-tab-title-id=\"e-n-tab-title-1984504234\" class=\"e-n-tab-title elementor-animation-float\" aria-selected=\"false\" data-tab-index=\"4\" role=\"tab\" tabindex=\"-1\" aria-controls=\"e-n-tab-content-1984504234\" style=\"--n-tabs-title-order: 4;\">\n\t\t\t\t\t\t<span class=\"e-n-tab-title-text\">\n\t\t\t\tFormation complet\t\t\t<\/span>\n\t\t<\/button>\n\t\t\t\t\t<\/div>\n\t\t\t<div class=\"e-n-tabs-content\">\n\t\t\t\t<div id=\"e-n-tab-content-1984504231\" role=\"tabpanel\" aria-labelledby=\"e-n-tab-title-1984504231\" data-tab-index=\"1\" style=\"--n-tabs-title-order: 1;\" class=\"e-active elementor-element elementor-element-b7be58f e-con-full e-flex e-con e-child\" data-id=\"b7be58f\" data-element_type=\"container\" data-e-type=\"container\" data-settings=\"{&quot;_ha_eqh_enable&quot;:false}\">\n\t\t\t\t<div class=\"elementor-element elementor-element-3266247 elementor-grid-laptop-eael-col-4 elementor-grid-mobile-eael-col-2 elementor-grid-tablet-eael-col-3 elementor-grid-eael-col-4 exad-sticky-section-no exad-glass-effect-no elementor-widget elementor-widget-eael-post-grid\" data-id=\"3266247\" data-element_type=\"widget\" data-e-type=\"widget\" data-settings=\"{&quot;eael_post_grid_columns_laptop&quot;:&quot;eael-col-4&quot;,&quot;eael_post_grid_columns_mobile&quot;:&quot;eael-col-2&quot;,&quot;eael_post_grid_columns_tablet&quot;:&quot;eael-col-3&quot;,&quot;eael_post_grid_columns&quot;:&quot;eael-col-4&quot;}\" data-widget_type=\"eael-post-grid.default\">\n\t\t\t\t<div class=\"elementor-widget-container\">\n\t\t\t\t\t<div id=\"eael-post-grid-3266247\" class=\"eael-post-grid-container\">\n            <div class=\"eael-post-grid eael-post-appender eael-post-appender-3266247 eael-post-grid-style-two\" data-layout-mode=\"grid\"><article class=\"eael-grid-post  eael-post-grid-column eael-pg-post-10717 tags-1-module\" data-id=\"10717\">\n    <div class=\"eael-grid-post-holder\">\n        <div class=\"eael-grid-post-holder-inner\"><div class=\"eael-entry-media\"><div class=\"eael-entry-overlay fade-in\"><i class=\"jki jki-right-arrow2-light\" aria-hidden=\"true\"><\/i><a href=\"https:\/\/danse-soufie.com\/fr\/events\/ecole-internationale-1-module-15-au-22-aout-2026\/\"><\/a><\/div><div class=\"eael-entry-thumbnail eael-image-ratio\">\n                            <img fetchpriority=\"high\" decoding=\"async\" width=\"1080\" height=\"1080\" src=\"https:\/\/danse-soufie.com\/wp-content\/uploads\/2025\/11\/ECOLE-INTERNATIONALE-1-module-_-15-au-22-aout-2026.png\" class=\"attachment-full size-full wp-image-13842\" alt=\"Formation internationale en danse soufie -ECOLE INTERNATIONALE - Rana Gorgani\" srcset=\"https:\/\/danse-soufie.com\/wp-content\/uploads\/2025\/11\/ECOLE-INTERNATIONALE-1-module-_-15-au-22-aout-2026.png 1080w, https:\/\/danse-soufie.com\/wp-content\/uploads\/2025\/11\/ECOLE-INTERNATIONALE-1-module-_-15-au-22-aout-2026-300x300.png 300w, https:\/\/danse-soufie.com\/wp-content\/uploads\/2025\/11\/ECOLE-INTERNATIONALE-1-module-_-15-au-22-aout-2026-1024x1024.png 1024w, https:\/\/danse-soufie.com\/wp-content\/uploads\/2025\/11\/ECOLE-INTERNATIONALE-1-module-_-15-au-22-aout-2026-150x150.png 150w, https:\/\/danse-soufie.com\/wp-content\/uploads\/2025\/11\/ECOLE-INTERNATIONALE-1-module-_-15-au-22-aout-2026-768x768.png 768w, https:\/\/danse-soufie.com\/wp-content\/uploads\/2025\/11\/ECOLE-INTERNATIONALE-1-module-_-15-au-22-aout-2026-12x12.png 12w, https:\/\/danse-soufie.com\/wp-content\/uploads\/2025\/11\/ECOLE-INTERNATIONALE-1-module-_-15-au-22-aout-2026-600x600.png 600w, https:\/\/danse-soufie.com\/wp-content\/uploads\/2025\/11\/ECOLE-INTERNATIONALE-1-module-_-15-au-22-aout-2026-100x100.png 100w, https:\/\/danse-soufie.com\/wp-content\/uploads\/2025\/11\/ECOLE-INTERNATIONALE-1-module-_-15-au-22-aout-2026-50x50.png 50w\" sizes=\"(max-width: 1080px) 100vw, 1080px\" \/>\n                            <\/div>\n                    <\/div><div class=\"eael-entry-wrapper\"><header class=\"eael-entry-header\"><h2 class=\"eael-entry-title\"><a class=\"eael-grid-post-link\" href=\"https:\/\/danse-soufie.com\/fr\/events\/ecole-internationale-1-module-15-au-22-aout-2026\/\" title=\"ECOLE INTERNATIONALE 1 module :  15 au 22 ao\u00fbt 2026\">ECOLE INTERNATIONALE 1 module :  15 au 22 ao\u00fbt 2026<\/a><\/h2><\/header><div class=\"eael-entry-content\">\n                                <div class=\"eael-grid-post-excerpt\"><a href=\"https:\/\/danse-soufie.com\/fr\/events\/ecole-internationale-1-module-15-au-22-aout-2026\/\" class=\"eael-post-elements-readmore-btn\">D\u00e9couvrir<\/a><\/div>\n                            <\/div><\/div><\/div>\n    <\/div>\n<\/article><article class=\"eael-grid-post  eael-post-grid-column eael-pg-post-10735 tags-2-modules\" data-id=\"10735\">\n    <div class=\"eael-grid-post-holder\">\n        <div class=\"eael-grid-post-holder-inner\"><div class=\"eael-entry-media\"><div class=\"eael-entry-overlay fade-in\"><i class=\"jki jki-right-arrow2-light\" aria-hidden=\"true\"><\/i><a href=\"https:\/\/danse-soufie.com\/fr\/events\/ecole-internationale-2-modules-15-au-29-aout-2026\/\"><\/a><\/div><div class=\"eael-entry-thumbnail eael-image-ratio\">\n                            <img decoding=\"async\" width=\"1080\" height=\"1080\" src=\"https:\/\/danse-soufie.com\/wp-content\/uploads\/2025\/11\/ECOLE-INTERNATIONALE-2-modules-_-15-au-29-aout-2026.png\" class=\"attachment-full size-full wp-image-13845\" alt=\"Formation internationale en danse soufie -ECOLE INTERNATIONALE - Rana Gorgani\" srcset=\"https:\/\/danse-soufie.com\/wp-content\/uploads\/2025\/11\/ECOLE-INTERNATIONALE-2-modules-_-15-au-29-aout-2026.png 1080w, https:\/\/danse-soufie.com\/wp-content\/uploads\/2025\/11\/ECOLE-INTERNATIONALE-2-modules-_-15-au-29-aout-2026-300x300.png 300w, https:\/\/danse-soufie.com\/wp-content\/uploads\/2025\/11\/ECOLE-INTERNATIONALE-2-modules-_-15-au-29-aout-2026-1024x1024.png 1024w, https:\/\/danse-soufie.com\/wp-content\/uploads\/2025\/11\/ECOLE-INTERNATIONALE-2-modules-_-15-au-29-aout-2026-150x150.png 150w, https:\/\/danse-soufie.com\/wp-content\/uploads\/2025\/11\/ECOLE-INTERNATIONALE-2-modules-_-15-au-29-aout-2026-768x768.png 768w, https:\/\/danse-soufie.com\/wp-content\/uploads\/2025\/11\/ECOLE-INTERNATIONALE-2-modules-_-15-au-29-aout-2026-12x12.png 12w, https:\/\/danse-soufie.com\/wp-content\/uploads\/2025\/11\/ECOLE-INTERNATIONALE-2-modules-_-15-au-29-aout-2026-600x600.png 600w, https:\/\/danse-soufie.com\/wp-content\/uploads\/2025\/11\/ECOLE-INTERNATIONALE-2-modules-_-15-au-29-aout-2026-100x100.png 100w, https:\/\/danse-soufie.com\/wp-content\/uploads\/2025\/11\/ECOLE-INTERNATIONALE-2-modules-_-15-au-29-aout-2026-50x50.png 50w\" sizes=\"(max-width: 1080px) 100vw, 1080px\" \/>\n                            <\/div>\n                    <\/div><div class=\"eael-entry-wrapper\"><header class=\"eael-entry-header\"><h2 class=\"eael-entry-title\"><a class=\"eael-grid-post-link\" href=\"https:\/\/danse-soufie.com\/fr\/events\/ecole-internationale-2-modules-15-au-29-aout-2026\/\" title=\"ECOLE INTERNATIONALE 2 modules : 15 au 29 ao\u00fbt 2026\">ECOLE INTERNATIONALE 2 modules : 15 au 29 ao\u00fbt 2026<\/a><\/h2><\/header><div class=\"eael-entry-content\">\n                                <div class=\"eael-grid-post-excerpt\"><a href=\"https:\/\/danse-soufie.com\/fr\/events\/ecole-internationale-2-modules-15-au-29-aout-2026\/\" class=\"eael-post-elements-readmore-btn\">D\u00e9couvrir<\/a><\/div>\n                            <\/div><\/div><\/div>\n    <\/div>\n<\/article><article class=\"eael-grid-post  eael-post-grid-column eael-pg-post-10590 tags-formation-complet\" data-id=\"10590\">\n    <div class=\"eael-grid-post-holder\">\n        <div class=\"eael-grid-post-holder-inner\"><div class=\"eael-entry-media\"><div class=\"eael-entry-overlay fade-in\"><i class=\"jki jki-right-arrow2-light\" aria-hidden=\"true\"><\/i><a href=\"https:\/\/danse-soufie.com\/fr\/events\/ecole-internationale-module-complet-15-aout-au-05-septembre-2026\/\"><\/a><\/div><div class=\"eael-entry-thumbnail eael-image-ratio\">\n                            <img decoding=\"async\" width=\"1080\" height=\"1080\" src=\"https:\/\/danse-soufie.com\/wp-content\/uploads\/2025\/11\/ECOLE-INTERNATIONALE-Formation-Complet-sur-3-semaines-_-08-au-29-aout-2026.png\" class=\"attachment-full size-full wp-image-13840\" alt=\"Formation internationale en danse soufie -ECOLE INTERNATIONALE - Rana Gorgani\" srcset=\"https:\/\/danse-soufie.com\/wp-content\/uploads\/2025\/11\/ECOLE-INTERNATIONALE-Formation-Complet-sur-3-semaines-_-08-au-29-aout-2026.png 1080w, https:\/\/danse-soufie.com\/wp-content\/uploads\/2025\/11\/ECOLE-INTERNATIONALE-Formation-Complet-sur-3-semaines-_-08-au-29-aout-2026-300x300.png 300w, https:\/\/danse-soufie.com\/wp-content\/uploads\/2025\/11\/ECOLE-INTERNATIONALE-Formation-Complet-sur-3-semaines-_-08-au-29-aout-2026-1024x1024.png 1024w, https:\/\/danse-soufie.com\/wp-content\/uploads\/2025\/11\/ECOLE-INTERNATIONALE-Formation-Complet-sur-3-semaines-_-08-au-29-aout-2026-150x150.png 150w, https:\/\/danse-soufie.com\/wp-content\/uploads\/2025\/11\/ECOLE-INTERNATIONALE-Formation-Complet-sur-3-semaines-_-08-au-29-aout-2026-768x768.png 768w, https:\/\/danse-soufie.com\/wp-content\/uploads\/2025\/11\/ECOLE-INTERNATIONALE-Formation-Complet-sur-3-semaines-_-08-au-29-aout-2026-12x12.png 12w, https:\/\/danse-soufie.com\/wp-content\/uploads\/2025\/11\/ECOLE-INTERNATIONALE-Formation-Complet-sur-3-semaines-_-08-au-29-aout-2026-600x600.png 600w, https:\/\/danse-soufie.com\/wp-content\/uploads\/2025\/11\/ECOLE-INTERNATIONALE-Formation-Complet-sur-3-semaines-_-08-au-29-aout-2026-100x100.png 100w, https:\/\/danse-soufie.com\/wp-content\/uploads\/2025\/11\/ECOLE-INTERNATIONALE-Formation-Complet-sur-3-semaines-_-08-au-29-aout-2026-50x50.png 50w\" sizes=\"(max-width: 1080px) 100vw, 1080px\" \/>\n                            <\/div>\n                    <\/div><div class=\"eael-entry-wrapper\"><header class=\"eael-entry-header\"><h2 class=\"eael-entry-title\"><a class=\"eael-grid-post-link\" href=\"https:\/\/danse-soufie.com\/fr\/events\/ecole-internationale-module-complet-15-aout-au-05-septembre-2026\/\" title=\"ECOLE INTERNATIONALE Formation Complet (sur 3 semaines) : 15 ao\u00fbt au 05 Septembre 2026\">ECOLE INTERNATIONALE Formation Complet (sur 3 semaines) : 15 ao\u00fbt au 05 Septembre 2026<\/a><\/h2><\/header><div class=\"eael-entry-content\">\n                                <div class=\"eael-grid-post-excerpt\"><a href=\"https:\/\/danse-soufie.com\/fr\/events\/ecole-internationale-module-complet-15-aout-au-05-septembre-2026\/\" class=\"eael-post-elements-readmore-btn\">D\u00e9couvrir<\/a><\/div>\n                            <\/div><\/div><\/div>\n    <\/div>\n<\/article><article class=\"eael-grid-post  eael-post-grid-column eael-pg-post-10723 tags-1-module\" data-id=\"10723\">\n    <div class=\"eael-grid-post-holder\">\n        <div class=\"eael-grid-post-holder-inner\"><div class=\"eael-entry-media\"><div class=\"eael-entry-overlay fade-in\"><i class=\"jki jki-right-arrow2-light\" aria-hidden=\"true\"><\/i><a href=\"https:\/\/danse-soufie.com\/fr\/events\/ecole-internationale-1-module-22-au-29-aout-2026\/\"><\/a><\/div><div class=\"eael-entry-thumbnail eael-image-ratio\">\n                            <img loading=\"lazy\" decoding=\"async\" width=\"1080\" height=\"1080\" src=\"https:\/\/danse-soufie.com\/wp-content\/uploads\/2025\/11\/ECOLE-INTERNATIONALE-1-module-_-22-au-29-aout-2026.png\" class=\"attachment-full size-full wp-image-13843\" alt=\"Formation internationale en danse soufie -ECOLE INTERNATIONALE - Rana Gorgani\" srcset=\"https:\/\/danse-soufie.com\/wp-content\/uploads\/2025\/11\/ECOLE-INTERNATIONALE-1-module-_-22-au-29-aout-2026.png 1080w, https:\/\/danse-soufie.com\/wp-content\/uploads\/2025\/11\/ECOLE-INTERNATIONALE-1-module-_-22-au-29-aout-2026-300x300.png 300w, https:\/\/danse-soufie.com\/wp-content\/uploads\/2025\/11\/ECOLE-INTERNATIONALE-1-module-_-22-au-29-aout-2026-1024x1024.png 1024w, https:\/\/danse-soufie.com\/wp-content\/uploads\/2025\/11\/ECOLE-INTERNATIONALE-1-module-_-22-au-29-aout-2026-150x150.png 150w, https:\/\/danse-soufie.com\/wp-content\/uploads\/2025\/11\/ECOLE-INTERNATIONALE-1-module-_-22-au-29-aout-2026-768x768.png 768w, https:\/\/danse-soufie.com\/wp-content\/uploads\/2025\/11\/ECOLE-INTERNATIONALE-1-module-_-22-au-29-aout-2026-12x12.png 12w, https:\/\/danse-soufie.com\/wp-content\/uploads\/2025\/11\/ECOLE-INTERNATIONALE-1-module-_-22-au-29-aout-2026-600x600.png 600w, https:\/\/danse-soufie.com\/wp-content\/uploads\/2025\/11\/ECOLE-INTERNATIONALE-1-module-_-22-au-29-aout-2026-100x100.png 100w, https:\/\/danse-soufie.com\/wp-content\/uploads\/2025\/11\/ECOLE-INTERNATIONALE-1-module-_-22-au-29-aout-2026-50x50.png 50w\" sizes=\"(max-width: 1080px) 100vw, 1080px\" \/>\n                            <\/div>\n                    <\/div><div class=\"eael-entry-wrapper\"><header class=\"eael-entry-header\"><h2 class=\"eael-entry-title\"><a class=\"eael-grid-post-link\" href=\"https:\/\/danse-soufie.com\/fr\/events\/ecole-internationale-1-module-22-au-29-aout-2026\/\" title=\"ECOLE INTERNATIONALE 1 module :  22 au 29 ao\u00fbt 2026\">ECOLE INTERNATIONALE 1 module :  22 au 29 ao\u00fbt 2026<\/a><\/h2><\/header><div class=\"eael-entry-content\">\n                                <div class=\"eael-grid-post-excerpt\"><a href=\"https:\/\/danse-soufie.com\/fr\/events\/ecole-internationale-1-module-22-au-29-aout-2026\/\" class=\"eael-post-elements-readmore-btn\">D\u00e9couvrir<\/a><\/div>\n                            <\/div><\/div><\/div>\n    <\/div>\n<\/article><article class=\"eael-grid-post  eael-post-grid-column eael-pg-post-10729 tags-2-modules\" data-id=\"10729\">\n    <div class=\"eael-grid-post-holder\">\n        <div class=\"eael-grid-post-holder-inner\"><div class=\"eael-entry-media\"><div class=\"eael-entry-overlay fade-in\"><i class=\"jki jki-right-arrow2-light\" aria-hidden=\"true\"><\/i><a href=\"https:\/\/danse-soufie.com\/fr\/events\/ecole-internationale-2-modules-22-aout-au-05-septembre\/\"><\/a><\/div><div class=\"eael-entry-thumbnail eael-image-ratio\">\n                            <img loading=\"lazy\" decoding=\"async\" width=\"1080\" height=\"1080\" src=\"https:\/\/danse-soufie.com\/wp-content\/uploads\/2025\/11\/ECOLE-INTERNATIONALE-2-modules-_-8-au-22-aout.png\" class=\"attachment-full size-full wp-image-13844\" alt=\"Formation internationale en danse soufie -ECOLE INTERNATIONALE - Rana Gorgani\" srcset=\"https:\/\/danse-soufie.com\/wp-content\/uploads\/2025\/11\/ECOLE-INTERNATIONALE-2-modules-_-8-au-22-aout.png 1080w, https:\/\/danse-soufie.com\/wp-content\/uploads\/2025\/11\/ECOLE-INTERNATIONALE-2-modules-_-8-au-22-aout-300x300.png 300w, https:\/\/danse-soufie.com\/wp-content\/uploads\/2025\/11\/ECOLE-INTERNATIONALE-2-modules-_-8-au-22-aout-1024x1024.png 1024w, https:\/\/danse-soufie.com\/wp-content\/uploads\/2025\/11\/ECOLE-INTERNATIONALE-2-modules-_-8-au-22-aout-150x150.png 150w, https:\/\/danse-soufie.com\/wp-content\/uploads\/2025\/11\/ECOLE-INTERNATIONALE-2-modules-_-8-au-22-aout-768x768.png 768w, https:\/\/danse-soufie.com\/wp-content\/uploads\/2025\/11\/ECOLE-INTERNATIONALE-2-modules-_-8-au-22-aout-12x12.png 12w, https:\/\/danse-soufie.com\/wp-content\/uploads\/2025\/11\/ECOLE-INTERNATIONALE-2-modules-_-8-au-22-aout-600x600.png 600w, https:\/\/danse-soufie.com\/wp-content\/uploads\/2025\/11\/ECOLE-INTERNATIONALE-2-modules-_-8-au-22-aout-100x100.png 100w, https:\/\/danse-soufie.com\/wp-content\/uploads\/2025\/11\/ECOLE-INTERNATIONALE-2-modules-_-8-au-22-aout-50x50.png 50w\" sizes=\"(max-width: 1080px) 100vw, 1080px\" \/>\n                            <\/div>\n                    <\/div><div class=\"eael-entry-wrapper\"><header class=\"eael-entry-header\"><h2 class=\"eael-entry-title\"><a class=\"eael-grid-post-link\" href=\"https:\/\/danse-soufie.com\/fr\/events\/ecole-internationale-2-modules-22-aout-au-05-septembre\/\" title=\"ECOLE INTERNATIONALE 2 modules : 22 ao\u00fbt au 05 septembre 2026\">ECOLE INTERNATIONALE 2 modules : 22 ao\u00fbt au 05 septembre 2026<\/a><\/h2><\/header><div class=\"eael-entry-content\">\n                                <div class=\"eael-grid-post-excerpt\"><a href=\"https:\/\/danse-soufie.com\/fr\/events\/ecole-internationale-2-modules-22-aout-au-05-septembre\/\" class=\"eael-post-elements-readmore-btn\">D\u00e9couvrir<\/a><\/div>\n                            <\/div><\/div><\/div>\n    <\/div>\n<\/article><article class=\"eael-grid-post  eael-post-grid-column eael-pg-post-10691 tags-1-module\" data-id=\"10691\">\n    <div class=\"eael-grid-post-holder\">\n        <div class=\"eael-grid-post-holder-inner\"><div class=\"eael-entry-media\"><div class=\"eael-entry-overlay fade-in\"><i class=\"jki jki-right-arrow2-light\" aria-hidden=\"true\"><\/i><a href=\"https:\/\/danse-soufie.com\/fr\/events\/ecole-internationale-1-module-29-au-05-septembre-2026\/\"><\/a><\/div><div class=\"eael-entry-thumbnail eael-image-ratio\">\n                            <img loading=\"lazy\" decoding=\"async\" width=\"1080\" height=\"1080\" src=\"https:\/\/danse-soufie.com\/wp-content\/uploads\/2025\/11\/ECOLE-INTERNATIONALE-1-module-_-8-au-15-aout-2026.png\" class=\"attachment-full size-full wp-image-13841\" alt=\"Formation internationale en danse soufie -ECOLE INTERNATIONALE - Rana Gorgani\" srcset=\"https:\/\/danse-soufie.com\/wp-content\/uploads\/2025\/11\/ECOLE-INTERNATIONALE-1-module-_-8-au-15-aout-2026.png 1080w, https:\/\/danse-soufie.com\/wp-content\/uploads\/2025\/11\/ECOLE-INTERNATIONALE-1-module-_-8-au-15-aout-2026-300x300.png 300w, https:\/\/danse-soufie.com\/wp-content\/uploads\/2025\/11\/ECOLE-INTERNATIONALE-1-module-_-8-au-15-aout-2026-1024x1024.png 1024w, https:\/\/danse-soufie.com\/wp-content\/uploads\/2025\/11\/ECOLE-INTERNATIONALE-1-module-_-8-au-15-aout-2026-150x150.png 150w, https:\/\/danse-soufie.com\/wp-content\/uploads\/2025\/11\/ECOLE-INTERNATIONALE-1-module-_-8-au-15-aout-2026-768x768.png 768w, https:\/\/danse-soufie.com\/wp-content\/uploads\/2025\/11\/ECOLE-INTERNATIONALE-1-module-_-8-au-15-aout-2026-12x12.png 12w, https:\/\/danse-soufie.com\/wp-content\/uploads\/2025\/11\/ECOLE-INTERNATIONALE-1-module-_-8-au-15-aout-2026-600x600.png 600w, https:\/\/danse-soufie.com\/wp-content\/uploads\/2025\/11\/ECOLE-INTERNATIONALE-1-module-_-8-au-15-aout-2026-100x100.png 100w, https:\/\/danse-soufie.com\/wp-content\/uploads\/2025\/11\/ECOLE-INTERNATIONALE-1-module-_-8-au-15-aout-2026-50x50.png 50w\" sizes=\"(max-width: 1080px) 100vw, 1080px\" \/>\n                            <\/div>\n                    <\/div><div class=\"eael-entry-wrapper\"><header class=\"eael-entry-header\"><h2 class=\"eael-entry-title\"><a class=\"eael-grid-post-link\" href=\"https:\/\/danse-soufie.com\/fr\/events\/ecole-internationale-1-module-29-au-05-septembre-2026\/\" title=\"ECOLE INTERNATIONALE 1 module :  29 ao\u00fbt au 05 septembre 2026\">ECOLE INTERNATIONALE 1 module :  29 ao\u00fbt au 05 septembre 2026<\/a><\/h2><\/header><div class=\"eael-entry-content\">\n                                <div class=\"eael-grid-post-excerpt\"><a href=\"https:\/\/danse-soufie.com\/fr\/events\/ecole-internationale-1-module-29-au-05-septembre-2026\/\" class=\"eael-post-elements-readmore-btn\">D\u00e9couvrir<\/a><\/div>\n                            <\/div><\/div><\/div>\n    <\/div>\n<\/article><\/div>\n            <div class=\"clearfix\"><\/div>\n        <\/div>\t\t\t\t<\/div>\n\t\t\t\t<\/div>\n\t\t\t\t<\/div>\n\t\t<div id=\"e-n-tab-content-1984504232\" role=\"tabpanel\" aria-labelledby=\"e-n-tab-title-1984504232\" data-tab-index=\"2\" style=\"--n-tabs-title-order: 2;\" class=\" elementor-element elementor-element-f23bcb7 e-con-full e-flex e-con e-child\" data-id=\"f23bcb7\" data-element_type=\"container\" data-e-type=\"container\" data-settings=\"{&quot;_ha_eqh_enable&quot;:false}\">\n\t\t\t\t<div class=\"elementor-element elementor-element-bef1b24 elementor-grid-laptop-eael-col-4 elementor-grid-mobile-eael-col-2 elementor-grid-tablet-eael-col-3 elementor-grid-eael-col-4 exad-sticky-section-no exad-glass-effect-no elementor-widget elementor-widget-eael-post-grid\" data-id=\"bef1b24\" data-element_type=\"widget\" data-e-type=\"widget\" data-settings=\"{&quot;eael_post_grid_columns_laptop&quot;:&quot;eael-col-4&quot;,&quot;eael_post_grid_columns_mobile&quot;:&quot;eael-col-2&quot;,&quot;eael_post_grid_columns_tablet&quot;:&quot;eael-col-3&quot;,&quot;eael_post_grid_columns&quot;:&quot;eael-col-4&quot;}\" data-widget_type=\"eael-post-grid.default\">\n\t\t\t\t<div class=\"elementor-widget-container\">\n\t\t\t\t\t<div id=\"eael-post-grid-bef1b24\" class=\"eael-post-grid-container\">\n            <div class=\"eael-post-grid eael-post-appender eael-post-appender-bef1b24 eael-post-grid-style-two\" data-layout-mode=\"grid\"><article class=\"eael-grid-post  eael-post-grid-column eael-pg-post-10717 tags-1-module\" data-id=\"10717\">\n    <div class=\"eael-grid-post-holder\">\n        <div class=\"eael-grid-post-holder-inner\"><div class=\"eael-entry-media\"><div class=\"eael-entry-overlay fade-in\"><i class=\"jki jki-right-arrow2-light\" aria-hidden=\"true\"><\/i><a href=\"https:\/\/danse-soufie.com\/fr\/events\/ecole-internationale-1-module-15-au-22-aout-2026\/\"><\/a><\/div><div class=\"eael-entry-thumbnail eael-image-ratio\">\n                            <img fetchpriority=\"high\" decoding=\"async\" width=\"1080\" height=\"1080\" src=\"https:\/\/danse-soufie.com\/wp-content\/uploads\/2025\/11\/ECOLE-INTERNATIONALE-1-module-_-15-au-22-aout-2026.png\" class=\"attachment-full size-full wp-image-13842\" alt=\"Formation internationale en danse soufie -ECOLE INTERNATIONALE - Rana Gorgani\" srcset=\"https:\/\/danse-soufie.com\/wp-content\/uploads\/2025\/11\/ECOLE-INTERNATIONALE-1-module-_-15-au-22-aout-2026.png 1080w, https:\/\/danse-soufie.com\/wp-content\/uploads\/2025\/11\/ECOLE-INTERNATIONALE-1-module-_-15-au-22-aout-2026-300x300.png 300w, https:\/\/danse-soufie.com\/wp-content\/uploads\/2025\/11\/ECOLE-INTERNATIONALE-1-module-_-15-au-22-aout-2026-1024x1024.png 1024w, https:\/\/danse-soufie.com\/wp-content\/uploads\/2025\/11\/ECOLE-INTERNATIONALE-1-module-_-15-au-22-aout-2026-150x150.png 150w, https:\/\/danse-soufie.com\/wp-content\/uploads\/2025\/11\/ECOLE-INTERNATIONALE-1-module-_-15-au-22-aout-2026-768x768.png 768w, https:\/\/danse-soufie.com\/wp-content\/uploads\/2025\/11\/ECOLE-INTERNATIONALE-1-module-_-15-au-22-aout-2026-12x12.png 12w, https:\/\/danse-soufie.com\/wp-content\/uploads\/2025\/11\/ECOLE-INTERNATIONALE-1-module-_-15-au-22-aout-2026-600x600.png 600w, https:\/\/danse-soufie.com\/wp-content\/uploads\/2025\/11\/ECOLE-INTERNATIONALE-1-module-_-15-au-22-aout-2026-100x100.png 100w, https:\/\/danse-soufie.com\/wp-content\/uploads\/2025\/11\/ECOLE-INTERNATIONALE-1-module-_-15-au-22-aout-2026-50x50.png 50w\" sizes=\"(max-width: 1080px) 100vw, 1080px\" \/>\n                            <\/div>\n                    <\/div><div class=\"eael-entry-wrapper\"><header class=\"eael-entry-header\"><h2 class=\"eael-entry-title\"><a class=\"eael-grid-post-link\" href=\"https:\/\/danse-soufie.com\/fr\/events\/ecole-internationale-1-module-15-au-22-aout-2026\/\" title=\"ECOLE INTERNATIONALE 1 module :  15 au 22 ao\u00fbt 2026\">ECOLE INTERNATIONALE 1 module :  15 au 22 ao\u00fbt 2026<\/a><\/h2><\/header><div class=\"eael-entry-content\">\n                                <div class=\"eael-grid-post-excerpt\"><a href=\"https:\/\/danse-soufie.com\/fr\/events\/ecole-internationale-1-module-15-au-22-aout-2026\/\" class=\"eael-post-elements-readmore-btn\">D\u00e9couvrir<\/a><\/div>\n                            <\/div><\/div><\/div>\n    <\/div>\n<\/article><article class=\"eael-grid-post  eael-post-grid-column eael-pg-post-10723 tags-1-module\" data-id=\"10723\">\n    <div class=\"eael-grid-post-holder\">\n        <div class=\"eael-grid-post-holder-inner\"><div class=\"eael-entry-media\"><div class=\"eael-entry-overlay fade-in\"><i class=\"jki jki-right-arrow2-light\" aria-hidden=\"true\"><\/i><a href=\"https:\/\/danse-soufie.com\/fr\/events\/ecole-internationale-1-module-22-au-29-aout-2026\/\"><\/a><\/div><div class=\"eael-entry-thumbnail eael-image-ratio\">\n                            <img loading=\"lazy\" decoding=\"async\" width=\"1080\" height=\"1080\" src=\"https:\/\/danse-soufie.com\/wp-content\/uploads\/2025\/11\/ECOLE-INTERNATIONALE-1-module-_-22-au-29-aout-2026.png\" class=\"attachment-full size-full wp-image-13843\" alt=\"Formation internationale en danse soufie -ECOLE INTERNATIONALE - Rana Gorgani\" srcset=\"https:\/\/danse-soufie.com\/wp-content\/uploads\/2025\/11\/ECOLE-INTERNATIONALE-1-module-_-22-au-29-aout-2026.png 1080w, https:\/\/danse-soufie.com\/wp-content\/uploads\/2025\/11\/ECOLE-INTERNATIONALE-1-module-_-22-au-29-aout-2026-300x300.png 300w, https:\/\/danse-soufie.com\/wp-content\/uploads\/2025\/11\/ECOLE-INTERNATIONALE-1-module-_-22-au-29-aout-2026-1024x1024.png 1024w, https:\/\/danse-soufie.com\/wp-content\/uploads\/2025\/11\/ECOLE-INTERNATIONALE-1-module-_-22-au-29-aout-2026-150x150.png 150w, https:\/\/danse-soufie.com\/wp-content\/uploads\/2025\/11\/ECOLE-INTERNATIONALE-1-module-_-22-au-29-aout-2026-768x768.png 768w, https:\/\/danse-soufie.com\/wp-content\/uploads\/2025\/11\/ECOLE-INTERNATIONALE-1-module-_-22-au-29-aout-2026-12x12.png 12w, https:\/\/danse-soufie.com\/wp-content\/uploads\/2025\/11\/ECOLE-INTERNATIONALE-1-module-_-22-au-29-aout-2026-600x600.png 600w, https:\/\/danse-soufie.com\/wp-content\/uploads\/2025\/11\/ECOLE-INTERNATIONALE-1-module-_-22-au-29-aout-2026-100x100.png 100w, https:\/\/danse-soufie.com\/wp-content\/uploads\/2025\/11\/ECOLE-INTERNATIONALE-1-module-_-22-au-29-aout-2026-50x50.png 50w\" sizes=\"(max-width: 1080px) 100vw, 1080px\" \/>\n                            <\/div>\n                    <\/div><div class=\"eael-entry-wrapper\"><header class=\"eael-entry-header\"><h2 class=\"eael-entry-title\"><a class=\"eael-grid-post-link\" href=\"https:\/\/danse-soufie.com\/fr\/events\/ecole-internationale-1-module-22-au-29-aout-2026\/\" title=\"ECOLE INTERNATIONALE 1 module :  22 au 29 ao\u00fbt 2026\">ECOLE INTERNATIONALE 1 module :  22 au 29 ao\u00fbt 2026<\/a><\/h2><\/header><div class=\"eael-entry-content\">\n                                <div class=\"eael-grid-post-excerpt\"><a href=\"https:\/\/danse-soufie.com\/fr\/events\/ecole-internationale-1-module-22-au-29-aout-2026\/\" class=\"eael-post-elements-readmore-btn\">D\u00e9couvrir<\/a><\/div>\n                            <\/div><\/div><\/div>\n    <\/div>\n<\/article><article class=\"eael-grid-post  eael-post-grid-column eael-pg-post-10691 tags-1-module\" data-id=\"10691\">\n    <div class=\"eael-grid-post-holder\">\n        <div class=\"eael-grid-post-holder-inner\"><div class=\"eael-entry-media\"><div class=\"eael-entry-overlay fade-in\"><i class=\"jki jki-right-arrow2-light\" aria-hidden=\"true\"><\/i><a href=\"https:\/\/danse-soufie.com\/fr\/events\/ecole-internationale-1-module-29-au-05-septembre-2026\/\"><\/a><\/div><div class=\"eael-entry-thumbnail eael-image-ratio\">\n                            <img loading=\"lazy\" decoding=\"async\" width=\"1080\" height=\"1080\" src=\"https:\/\/danse-soufie.com\/wp-content\/uploads\/2025\/11\/ECOLE-INTERNATIONALE-1-module-_-8-au-15-aout-2026.png\" class=\"attachment-full size-full wp-image-13841\" alt=\"Formation internationale en danse soufie -ECOLE INTERNATIONALE - Rana Gorgani\" srcset=\"https:\/\/danse-soufie.com\/wp-content\/uploads\/2025\/11\/ECOLE-INTERNATIONALE-1-module-_-8-au-15-aout-2026.png 1080w, https:\/\/danse-soufie.com\/wp-content\/uploads\/2025\/11\/ECOLE-INTERNATIONALE-1-module-_-8-au-15-aout-2026-300x300.png 300w, https:\/\/danse-soufie.com\/wp-content\/uploads\/2025\/11\/ECOLE-INTERNATIONALE-1-module-_-8-au-15-aout-2026-1024x1024.png 1024w, https:\/\/danse-soufie.com\/wp-content\/uploads\/2025\/11\/ECOLE-INTERNATIONALE-1-module-_-8-au-15-aout-2026-150x150.png 150w, https:\/\/danse-soufie.com\/wp-content\/uploads\/2025\/11\/ECOLE-INTERNATIONALE-1-module-_-8-au-15-aout-2026-768x768.png 768w, https:\/\/danse-soufie.com\/wp-content\/uploads\/2025\/11\/ECOLE-INTERNATIONALE-1-module-_-8-au-15-aout-2026-12x12.png 12w, https:\/\/danse-soufie.com\/wp-content\/uploads\/2025\/11\/ECOLE-INTERNATIONALE-1-module-_-8-au-15-aout-2026-600x600.png 600w, https:\/\/danse-soufie.com\/wp-content\/uploads\/2025\/11\/ECOLE-INTERNATIONALE-1-module-_-8-au-15-aout-2026-100x100.png 100w, https:\/\/danse-soufie.com\/wp-content\/uploads\/2025\/11\/ECOLE-INTERNATIONALE-1-module-_-8-au-15-aout-2026-50x50.png 50w\" sizes=\"(max-width: 1080px) 100vw, 1080px\" \/>\n                            <\/div>\n                    <\/div><div class=\"eael-entry-wrapper\"><header class=\"eael-entry-header\"><h2 class=\"eael-entry-title\"><a class=\"eael-grid-post-link\" href=\"https:\/\/danse-soufie.com\/fr\/events\/ecole-internationale-1-module-29-au-05-septembre-2026\/\" title=\"ECOLE INTERNATIONALE 1 module :  29 ao\u00fbt au 05 septembre 2026\">ECOLE INTERNATIONALE 1 module :  29 ao\u00fbt au 05 septembre 2026<\/a><\/h2><\/header><div class=\"eael-entry-content\">\n                                <div class=\"eael-grid-post-excerpt\"><a href=\"https:\/\/danse-soufie.com\/fr\/events\/ecole-internationale-1-module-29-au-05-septembre-2026\/\" class=\"eael-post-elements-readmore-btn\">D\u00e9couvrir<\/a><\/div>\n                            <\/div><\/div><\/div>\n    <\/div>\n<\/article><\/div>\n            <div class=\"clearfix\"><\/div>\n        <\/div>\t\t\t\t<\/div>\n\t\t\t\t<\/div>\n\t\t\t\t<\/div>\n\t\t<div id=\"e-n-tab-content-1984504233\" role=\"tabpanel\" aria-labelledby=\"e-n-tab-title-1984504233\" data-tab-index=\"3\" style=\"--n-tabs-title-order: 3;\" class=\" elementor-element elementor-element-0eeb01f e-con-full e-flex e-con e-child\" data-id=\"0eeb01f\" data-element_type=\"container\" data-e-type=\"container\" data-settings=\"{&quot;_ha_eqh_enable&quot;:false}\">\n\t\t\t\t<div class=\"elementor-element elementor-element-11a68ea elementor-grid-laptop-eael-col-4 elementor-grid-mobile-eael-col-2 elementor-grid-tablet-eael-col-3 elementor-grid-eael-col-4 exad-sticky-section-no exad-glass-effect-no elementor-widget elementor-widget-eael-post-grid\" data-id=\"11a68ea\" data-element_type=\"widget\" data-e-type=\"widget\" data-settings=\"{&quot;eael_post_grid_columns_laptop&quot;:&quot;eael-col-4&quot;,&quot;eael_post_grid_columns_mobile&quot;:&quot;eael-col-2&quot;,&quot;eael_post_grid_columns_tablet&quot;:&quot;eael-col-3&quot;,&quot;eael_post_grid_columns&quot;:&quot;eael-col-4&quot;}\" data-widget_type=\"eael-post-grid.default\">\n\t\t\t\t<div class=\"elementor-widget-container\">\n\t\t\t\t\t<div id=\"eael-post-grid-11a68ea\" class=\"eael-post-grid-container\">\n            <div class=\"eael-post-grid eael-post-appender eael-post-appender-11a68ea eael-post-grid-style-two\" data-layout-mode=\"grid\"><article class=\"eael-grid-post  eael-post-grid-column eael-pg-post-10732 category-ecole-internationale\" data-id=\"10732\">\n    <div class=\"eael-grid-post-holder\">\n        <div class=\"eael-grid-post-holder-inner\"><div class=\"eael-entry-media\"><div class=\"eael-entry-overlay fade-in\"><i class=\"jki jki-right-arrow2-light\" aria-hidden=\"true\"><\/i><a href=\"https:\/\/danse-soufie.com\/fr\/ecole-internationale-2-modules-22-aout-au-05-septembre\/\"><\/a><\/div><div class=\"eael-entry-thumbnail eael-image-ratio\">\n                            <img loading=\"lazy\" decoding=\"async\" width=\"1080\" height=\"1080\" src=\"https:\/\/danse-soufie.com\/wp-content\/uploads\/2025\/11\/ECOLE-INTERNATIONALE-2-modules-_-8-au-22-aout.png\" class=\"attachment-full size-full wp-image-13844\" alt=\"Formation internationale en danse soufie -ECOLE INTERNATIONALE - Rana Gorgani\" srcset=\"https:\/\/danse-soufie.com\/wp-content\/uploads\/2025\/11\/ECOLE-INTERNATIONALE-2-modules-_-8-au-22-aout.png 1080w, https:\/\/danse-soufie.com\/wp-content\/uploads\/2025\/11\/ECOLE-INTERNATIONALE-2-modules-_-8-au-22-aout-300x300.png 300w, https:\/\/danse-soufie.com\/wp-content\/uploads\/2025\/11\/ECOLE-INTERNATIONALE-2-modules-_-8-au-22-aout-1024x1024.png 1024w, https:\/\/danse-soufie.com\/wp-content\/uploads\/2025\/11\/ECOLE-INTERNATIONALE-2-modules-_-8-au-22-aout-150x150.png 150w, https:\/\/danse-soufie.com\/wp-content\/uploads\/2025\/11\/ECOLE-INTERNATIONALE-2-modules-_-8-au-22-aout-768x768.png 768w, https:\/\/danse-soufie.com\/wp-content\/uploads\/2025\/11\/ECOLE-INTERNATIONALE-2-modules-_-8-au-22-aout-12x12.png 12w, https:\/\/danse-soufie.com\/wp-content\/uploads\/2025\/11\/ECOLE-INTERNATIONALE-2-modules-_-8-au-22-aout-600x600.png 600w, https:\/\/danse-soufie.com\/wp-content\/uploads\/2025\/11\/ECOLE-INTERNATIONALE-2-modules-_-8-au-22-aout-100x100.png 100w, https:\/\/danse-soufie.com\/wp-content\/uploads\/2025\/11\/ECOLE-INTERNATIONALE-2-modules-_-8-au-22-aout-50x50.png 50w\" sizes=\"(max-width: 1080px) 100vw, 1080px\" \/>\n                            <\/div>\n                    <\/div><div class=\"eael-entry-wrapper\"><header class=\"eael-entry-header\"><h2 class=\"eael-entry-title\"><a class=\"eael-grid-post-link\" href=\"https:\/\/danse-soufie.com\/fr\/ecole-internationale-2-modules-22-aout-au-05-septembre\/\" title=\"ECOLE INTERNATIONALE 2 modules : 22 ao\u00fbt au 05 septembre\">ECOLE INTERNATIONALE 2 modules : 22 ao\u00fbt au 05 septembre<\/a><\/h2><\/header><div class=\"eael-entry-content\">\n                                <div class=\"eael-grid-post-excerpt\"><a href=\"https:\/\/danse-soufie.com\/fr\/ecole-internationale-2-modules-22-aout-au-05-septembre\/\" class=\"eael-post-elements-readmore-btn\">D\u00e9couvrir<\/a><\/div>\n                            <\/div><\/div><\/div>\n    <\/div>\n<\/article><article class=\"eael-grid-post  eael-post-grid-column eael-pg-post-10738 category-ecole-internationale\" data-id=\"10738\">\n    <div class=\"eael-grid-post-holder\">\n        <div class=\"eael-grid-post-holder-inner\"><div class=\"eael-entry-media\"><div class=\"eael-entry-overlay fade-in\"><i class=\"jki jki-right-arrow2-light\" aria-hidden=\"true\"><\/i><a href=\"https:\/\/danse-soufie.com\/fr\/ecole-internationale-2-modules-15-au-29-aout-2026\/\"><\/a><\/div><div class=\"eael-entry-thumbnail eael-image-ratio\">\n                            <img loading=\"lazy\" decoding=\"async\" width=\"1080\" height=\"1080\" src=\"https:\/\/danse-soufie.com\/wp-content\/uploads\/2025\/11\/Ecole-International-module-22.webp\" class=\"attachment-full size-full wp-image-10706\" alt=\"icon - Ecole International (module 2)(2)-Derviche_Tourneur\" srcset=\"https:\/\/danse-soufie.com\/wp-content\/uploads\/2025\/11\/Ecole-International-module-22.webp 1080w, https:\/\/danse-soufie.com\/wp-content\/uploads\/2025\/11\/Ecole-International-module-22-300x300.webp 300w, https:\/\/danse-soufie.com\/wp-content\/uploads\/2025\/11\/Ecole-International-module-22-1024x1024.webp 1024w, https:\/\/danse-soufie.com\/wp-content\/uploads\/2025\/11\/Ecole-International-module-22-150x150.webp 150w, https:\/\/danse-soufie.com\/wp-content\/uploads\/2025\/11\/Ecole-International-module-22-768x768.webp 768w, https:\/\/danse-soufie.com\/wp-content\/uploads\/2025\/11\/Ecole-International-module-22-12x12.webp 12w, https:\/\/danse-soufie.com\/wp-content\/uploads\/2025\/11\/Ecole-International-module-22-600x600.webp 600w, https:\/\/danse-soufie.com\/wp-content\/uploads\/2025\/11\/Ecole-International-module-22-100x100.webp 100w\" sizes=\"(max-width: 1080px) 100vw, 1080px\" \/>\n                            <\/div>\n                    <\/div><div class=\"eael-entry-wrapper\"><header class=\"eael-entry-header\"><h2 class=\"eael-entry-title\"><a class=\"eael-grid-post-link\" href=\"https:\/\/danse-soufie.com\/fr\/ecole-internationale-2-modules-15-au-29-aout-2026\/\" title=\"ECOLE INTERNATIONALE 2 modules : 15 au 29 ao\u00fbt 2026\">ECOLE INTERNATIONALE 2 modules : 15 au 29 ao\u00fbt 2026<\/a><\/h2><\/header><div class=\"eael-entry-content\">\n                                <div class=\"eael-grid-post-excerpt\"><a href=\"https:\/\/danse-soufie.com\/fr\/ecole-internationale-2-modules-15-au-29-aout-2026\/\" class=\"eael-post-elements-readmore-btn\">D\u00e9couvrir<\/a><\/div>\n                            <\/div><\/div><\/div>\n    <\/div>\n<\/article><\/div>\n            <div class=\"clearfix\"><\/div>\n        <\/div>\t\t\t\t<\/div>\n\t\t\t\t<\/div>\n\t\t\t\t<\/div>\n\t\t<div id=\"e-n-tab-content-1984504234\" role=\"tabpanel\" aria-labelledby=\"e-n-tab-title-1984504234\" data-tab-index=\"4\" style=\"--n-tabs-title-order: 4;\" class=\" elementor-element elementor-element-1e892ea e-con-full e-flex e-con e-child\" data-id=\"1e892ea\" data-element_type=\"container\" data-e-type=\"container\" data-settings=\"{&quot;_ha_eqh_enable&quot;:false}\">\n\t\t\t\t<div class=\"elementor-element elementor-element-ac2f581 elementor-grid-laptop-eael-col-4 elementor-grid-mobile-eael-col-2 elementor-grid-tablet-eael-col-3 elementor-grid-eael-col-4 exad-sticky-section-no exad-glass-effect-no elementor-widget elementor-widget-eael-post-grid\" data-id=\"ac2f581\" data-element_type=\"widget\" data-e-type=\"widget\" data-settings=\"{&quot;eael_post_grid_columns_laptop&quot;:&quot;eael-col-4&quot;,&quot;eael_post_grid_columns_mobile&quot;:&quot;eael-col-2&quot;,&quot;eael_post_grid_columns_tablet&quot;:&quot;eael-col-3&quot;,&quot;eael_post_grid_columns&quot;:&quot;eael-col-4&quot;}\" data-widget_type=\"eael-post-grid.default\">\n\t\t\t\t<div class=\"elementor-widget-container\">\n\t\t\t\t\t<div id=\"eael-post-grid-ac2f581\" class=\"eael-post-grid-container\">\n            <div class=\"eael-post-grid eael-post-appender eael-post-appender-ac2f581 eael-post-grid-style-two\" data-layout-mode=\"grid\"><article class=\"eael-grid-post  eael-post-grid-column eael-pg-post-10590 tags-formation-complet\" data-id=\"10590\">\n    <div class=\"eael-grid-post-holder\">\n        <div class=\"eael-grid-post-holder-inner\"><div class=\"eael-entry-media\"><div class=\"eael-entry-overlay fade-in\"><i class=\"jki jki-right-arrow2-light\" aria-hidden=\"true\"><\/i><a href=\"https:\/\/danse-soufie.com\/fr\/events\/ecole-internationale-module-complet-15-aout-au-05-septembre-2026\/\"><\/a><\/div><div class=\"eael-entry-thumbnail eael-image-ratio\">\n                            <img decoding=\"async\" width=\"1080\" height=\"1080\" src=\"https:\/\/danse-soufie.com\/wp-content\/uploads\/2025\/11\/ECOLE-INTERNATIONALE-Formation-Complet-sur-3-semaines-_-08-au-29-aout-2026.png\" class=\"attachment-full size-full wp-image-13840\" alt=\"Formation internationale en danse soufie -ECOLE INTERNATIONALE - Rana Gorgani\" srcset=\"https:\/\/danse-soufie.com\/wp-content\/uploads\/2025\/11\/ECOLE-INTERNATIONALE-Formation-Complet-sur-3-semaines-_-08-au-29-aout-2026.png 1080w, https:\/\/danse-soufie.com\/wp-content\/uploads\/2025\/11\/ECOLE-INTERNATIONALE-Formation-Complet-sur-3-semaines-_-08-au-29-aout-2026-300x300.png 300w, https:\/\/danse-soufie.com\/wp-content\/uploads\/2025\/11\/ECOLE-INTERNATIONALE-Formation-Complet-sur-3-semaines-_-08-au-29-aout-2026-1024x1024.png 1024w, https:\/\/danse-soufie.com\/wp-content\/uploads\/2025\/11\/ECOLE-INTERNATIONALE-Formation-Complet-sur-3-semaines-_-08-au-29-aout-2026-150x150.png 150w, https:\/\/danse-soufie.com\/wp-content\/uploads\/2025\/11\/ECOLE-INTERNATIONALE-Formation-Complet-sur-3-semaines-_-08-au-29-aout-2026-768x768.png 768w, https:\/\/danse-soufie.com\/wp-content\/uploads\/2025\/11\/ECOLE-INTERNATIONALE-Formation-Complet-sur-3-semaines-_-08-au-29-aout-2026-12x12.png 12w, https:\/\/danse-soufie.com\/wp-content\/uploads\/2025\/11\/ECOLE-INTERNATIONALE-Formation-Complet-sur-3-semaines-_-08-au-29-aout-2026-600x600.png 600w, https:\/\/danse-soufie.com\/wp-content\/uploads\/2025\/11\/ECOLE-INTERNATIONALE-Formation-Complet-sur-3-semaines-_-08-au-29-aout-2026-100x100.png 100w, https:\/\/danse-soufie.com\/wp-content\/uploads\/2025\/11\/ECOLE-INTERNATIONALE-Formation-Complet-sur-3-semaines-_-08-au-29-aout-2026-50x50.png 50w\" sizes=\"(max-width: 1080px) 100vw, 1080px\" \/>\n                            <\/div>\n                    <\/div><div class=\"eael-entry-wrapper\"><header class=\"eael-entry-header\"><h2 class=\"eael-entry-title\"><a class=\"eael-grid-post-link\" href=\"https:\/\/danse-soufie.com\/fr\/events\/ecole-internationale-module-complet-15-aout-au-05-septembre-2026\/\" title=\"ECOLE INTERNATIONALE Formation Complet (sur 3 semaines) : 15 ao\u00fbt au 05 Septembre 2026\">ECOLE INTERNATIONALE Formation Complet (sur 3 semaines) : 15 ao\u00fbt au 05 Septembre 2026<\/a><\/h2><\/header><div class=\"eael-entry-content\">\n                                <div class=\"eael-grid-post-excerpt\"><a href=\"https:\/\/danse-soufie.com\/fr\/events\/ecole-internationale-module-complet-15-aout-au-05-septembre-2026\/\" class=\"eael-post-elements-readmore-btn\">D\u00e9couvrir<\/a><\/div>\n                            <\/div><\/div><\/div>\n    <\/div>\n<\/article><\/div>\n            <div class=\"clearfix\"><\/div>\n        <\/div>\t\t\t\t<\/div>\n\t\t\t\t<\/div>\n\t\t\t\t<\/div>\n\t\t\t\t\t<\/div>\n\t\t<\/div>\n\t\t\t\t\t\t<\/div>\n\t\t\t\t<\/div>\n\t\t\t\t\t<\/div>\n\t\t\t\t<\/div>\n\t\t\t\t<\/div>\n\t\t\t\t<\/div>\n\t\t","protected":false},"excerpt":{"rendered":"<p>Home \/ Page Toutes les informations n\u00e9cessaires seront mises en ligne tr\u00e8s prochainement. Revenir \u00e0 la page pr\u00e9c\u00e9dente Toutes les dates 1 Module 2 Modules Formation complet ECOLE INTERNATIONALE Formation [&hellip;]<\/p>\n","protected":false},"author":1,"featured_media":0,"parent":0,"menu_order":0,"comment_status":"closed","ping_status":"closed","template":"","meta":{"give_campaign_id":0,"inline_featured_image":false,"_price":"","_stock":"","_tribe_ticket_header":"","_tribe_default_ticket_provider":"TEC\\Tickets\\Commerce\\Module","_tribe_ticket_capacity":"0","_ticket_start_date":"","_ticket_end_date":"","_tribe_ticket_show_description":"","_tribe_ticket_show_not_going":false,"_tribe_ticket_use_global_stock":"","_tribe_ticket_global_stock_level":"","_global_stock_mode":"","_global_stock_cap":"","_tribe_rsvp_for_event":"","_tribe_ticket_going_count":"","_tribe_ticket_not_going_count":"","_tribe_tickets_list":"[]","_tribe_ticket_has_attendee_info_fields":false,"footnotes":"","_tec_slr_enabled":"","_tec_slr_layout":""},"class_list":["post-3734","page","type-page","status-publish","hentry","cat_ecole-internationale"],"yoast_head":"<!-- This site is optimized with the Yoast SEO plugin v27.4 - https:\/\/yoast.com\/product\/yoast-seo-wordpress\/ -->\n<title>Inscription \u00e9cole internationale - Danse Soufie<\/title>\n<meta name=\"robots\" content=\"index, follow, max-snippet:-1, max-image-preview:large, max-video-preview:-1\" \/>\n<link rel=\"canonical\" href=\"https:\/\/danse-soufie.com\/fr\/inscription-ecole-internationale\/\" \/>\n<meta property=\"og:locale\" content=\"fr_FR\" \/>\n<meta property=\"og:type\" content=\"article\" \/>\n<meta property=\"og:title\" content=\"Inscription \u00e9cole internationale - Danse Soufie\" \/>\n<meta property=\"og:description\" content=\"Home \/ Page Toutes les informations n\u00e9cessaires seront mises en ligne tr\u00e8s prochainement. Revenir \u00e0 la page pr\u00e9c\u00e9dente Toutes les dates 1 Module 2 Modules Formation complet ECOLE INTERNATIONALE Formation [&hellip;]\" \/>\n<meta property=\"og:url\" content=\"https:\/\/danse-soufie.com\/fr\/inscription-ecole-internationale\/\" \/>\n<meta property=\"og:site_name\" content=\"Danse Soufie\" \/>\n<meta property=\"article:publisher\" content=\"https:\/\/web.facebook.com\/dansesoufie\" \/>\n<meta property=\"article:modified_time\" content=\"2025-11-14T15:13:21+00:00\" \/>\n<meta property=\"og:image\" content=\"https:\/\/danse-soufie.com\/wp-content\/uploads\/2025\/11\/Ecole-Internationa-Formation-complete.webp\" \/>\n\t<meta property=\"og:image:width\" content=\"1080\" \/>\n\t<meta property=\"og:image:height\" content=\"1080\" \/>\n\t<meta property=\"og:image:type\" content=\"image\/webp\" \/>\n<meta name=\"twitter:card\" content=\"summary_large_image\" \/>\n<meta name=\"twitter:label1\" content=\"Dur\u00e9e de lecture estim\u00e9e\" \/>\n\t<meta name=\"twitter:data1\" content=\"7 minutes\" \/>\n<script type=\"application\/ld+json\" class=\"yoast-schema-graph\">{\"@context\":\"https:\\\/\\\/schema.org\",\"@graph\":[{\"@type\":\"WebPage\",\"@id\":\"https:\\\/\\\/danse-soufie.com\\\/inscription-ecole-internationale\\\/\",\"url\":\"https:\\\/\\\/danse-soufie.com\\\/inscription-ecole-internationale\\\/\",\"name\":\"Inscription \u00e9cole internationale - Danse Soufie\",\"isPartOf\":{\"@id\":\"https:\\\/\\\/danse-soufie.com\\\/#website\"},\"primaryImageOfPage\":{\"@id\":\"https:\\\/\\\/danse-soufie.com\\\/inscription-ecole-internationale\\\/#primaryimage\"},\"image\":{\"@id\":\"https:\\\/\\\/danse-soufie.com\\\/inscription-ecole-internationale\\\/#primaryimage\"},\"thumbnailUrl\":\"https:\\\/\\\/danse-soufie.com\\\/wp-content\\\/uploads\\\/2025\\\/11\\\/Ecole-Internationa-Formation-complete.webp\",\"datePublished\":\"2025-08-21T10:29:49+00:00\",\"dateModified\":\"2025-11-14T15:13:21+00:00\",\"breadcrumb\":{\"@id\":\"https:\\\/\\\/danse-soufie.com\\\/inscription-ecole-internationale\\\/#breadcrumb\"},\"inLanguage\":\"fr-FR\",\"potentialAction\":[{\"@type\":\"ReadAction\",\"target\":[\"https:\\\/\\\/danse-soufie.com\\\/inscription-ecole-internationale\\\/\"]}]},{\"@type\":\"ImageObject\",\"inLanguage\":\"fr-FR\",\"@id\":\"https:\\\/\\\/danse-soufie.com\\\/inscription-ecole-internationale\\\/#primaryimage\",\"url\":\"https:\\\/\\\/danse-soufie.com\\\/wp-content\\\/uploads\\\/2025\\\/11\\\/Ecole-Internationa-Formation-complete.webp\",\"contentUrl\":\"https:\\\/\\\/danse-soufie.com\\\/wp-content\\\/uploads\\\/2025\\\/11\\\/Ecole-Internationa-Formation-complete.webp\"},{\"@type\":\"BreadcrumbList\",\"@id\":\"https:\\\/\\\/danse-soufie.com\\\/inscription-ecole-internationale\\\/#breadcrumb\",\"itemListElement\":[{\"@type\":\"ListItem\",\"position\":1,\"name\":\"Accueil\",\"item\":\"https:\\\/\\\/danse-soufie.com\\\/\"},{\"@type\":\"ListItem\",\"position\":2,\"name\":\"Inscription \u00e9cole internationale\"}]},{\"@type\":\"WebSite\",\"@id\":\"https:\\\/\\\/danse-soufie.com\\\/#website\",\"url\":\"https:\\\/\\\/danse-soufie.com\\\/\",\"name\":\"Danse Soufie\",\"description\":\"\",\"publisher\":{\"@id\":\"https:\\\/\\\/danse-soufie.com\\\/#organization\"},\"potentialAction\":[{\"@type\":\"SearchAction\",\"target\":{\"@type\":\"EntryPoint\",\"urlTemplate\":\"https:\\\/\\\/danse-soufie.com\\\/?s={search_term_string}\"},\"query-input\":{\"@type\":\"PropertyValueSpecification\",\"valueRequired\":true,\"valueName\":\"search_term_string\"}}],\"inLanguage\":\"fr-FR\"},{\"@type\":\"Organization\",\"@id\":\"https:\\\/\\\/danse-soufie.com\\\/#organization\",\"name\":\"Danse Soufie\",\"url\":\"https:\\\/\\\/danse-soufie.com\\\/\",\"logo\":{\"@type\":\"ImageObject\",\"inLanguage\":\"fr-FR\",\"@id\":\"https:\\\/\\\/danse-soufie.com\\\/#\\\/schema\\\/logo\\\/image\\\/\",\"url\":\"https:\\\/\\\/danse-soufie.com\\\/wp-content\\\/uploads\\\/2025\\\/04\\\/danse-soufie-logo.webp\",\"contentUrl\":\"https:\\\/\\\/danse-soufie.com\\\/wp-content\\\/uploads\\\/2025\\\/04\\\/danse-soufie-logo.webp\",\"width\":200,\"height\":106,\"caption\":\"Danse Soufie\"},\"image\":{\"@id\":\"https:\\\/\\\/danse-soufie.com\\\/#\\\/schema\\\/logo\\\/image\\\/\"},\"sameAs\":[\"https:\\\/\\\/web.facebook.com\\\/dansesoufie\",\"https:\\\/\\\/www.instagram.com\\\/sufi_dance_school\\\/\"]}]}<\/script>\n<!-- \/ Yoast SEO plugin. -->","yoast_head_json":{"title":"Inscription \u00e9cole internationale - Danse Soufie","robots":{"index":"index","follow":"follow","max-snippet":"max-snippet:-1","max-image-preview":"max-image-preview:large","max-video-preview":"max-video-preview:-1"},"canonical":"https:\/\/danse-soufie.com\/fr\/inscription-ecole-internationale\/","og_locale":"fr_FR","og_type":"article","og_title":"Inscription \u00e9cole internationale - Danse Soufie","og_description":"Home \/ Page Toutes les informations n\u00e9cessaires seront mises en ligne tr\u00e8s prochainement. Revenir \u00e0 la page pr\u00e9c\u00e9dente Toutes les dates 1 Module 2 Modules Formation complet ECOLE INTERNATIONALE Formation [&hellip;]","og_url":"https:\/\/danse-soufie.com\/fr\/inscription-ecole-internationale\/","og_site_name":"Danse Soufie","article_publisher":"https:\/\/web.facebook.com\/dansesoufie","article_modified_time":"2025-11-14T15:13:21+00:00","og_image":[{"width":1080,"height":1080,"url":"https:\/\/danse-soufie.com\/wp-content\/uploads\/2025\/11\/Ecole-Internationa-Formation-complete.webp","type":"image\/webp"}],"twitter_card":"summary_large_image","twitter_misc":{"Dur\u00e9e de lecture estim\u00e9e":"7 minutes"},"schema":{"@context":"https:\/\/schema.org","@graph":[{"@type":"WebPage","@id":"https:\/\/danse-soufie.com\/inscription-ecole-internationale\/","url":"https:\/\/danse-soufie.com\/inscription-ecole-internationale\/","name":"Inscription \u00e9cole internationale - Danse Soufie","isPartOf":{"@id":"https:\/\/danse-soufie.com\/#website"},"primaryImageOfPage":{"@id":"https:\/\/danse-soufie.com\/inscription-ecole-internationale\/#primaryimage"},"image":{"@id":"https:\/\/danse-soufie.com\/inscription-ecole-internationale\/#primaryimage"},"thumbnailUrl":"https:\/\/danse-soufie.com\/wp-content\/uploads\/2025\/11\/Ecole-Internationa-Formation-complete.webp","datePublished":"2025-08-21T10:29:49+00:00","dateModified":"2025-11-14T15:13:21+00:00","breadcrumb":{"@id":"https:\/\/danse-soufie.com\/inscription-ecole-internationale\/#breadcrumb"},"inLanguage":"fr-FR","potentialAction":[{"@type":"ReadAction","target":["https:\/\/danse-soufie.com\/inscription-ecole-internationale\/"]}]},{"@type":"ImageObject","inLanguage":"fr-FR","@id":"https:\/\/danse-soufie.com\/inscription-ecole-internationale\/#primaryimage","url":"https:\/\/danse-soufie.com\/wp-content\/uploads\/2025\/11\/Ecole-Internationa-Formation-complete.webp","contentUrl":"https:\/\/danse-soufie.com\/wp-content\/uploads\/2025\/11\/Ecole-Internationa-Formation-complete.webp"},{"@type":"BreadcrumbList","@id":"https:\/\/danse-soufie.com\/inscription-ecole-internationale\/#breadcrumb","itemListElement":[{"@type":"ListItem","position":1,"name":"Accueil","item":"https:\/\/danse-soufie.com\/"},{"@type":"ListItem","position":2,"name":"Inscription \u00e9cole internationale"}]},{"@type":"WebSite","@id":"https:\/\/danse-soufie.com\/#website","url":"https:\/\/danse-soufie.com\/","name":"Danse Soufie","description":"","publisher":{"@id":"https:\/\/danse-soufie.com\/#organization"},"potentialAction":[{"@type":"SearchAction","target":{"@type":"EntryPoint","urlTemplate":"https:\/\/danse-soufie.com\/?s={search_term_string}"},"query-input":{"@type":"PropertyValueSpecification","valueRequired":true,"valueName":"search_term_string"}}],"inLanguage":"fr-FR"},{"@type":"Organization","@id":"https:\/\/danse-soufie.com\/#organization","name":"Danse Soufie","url":"https:\/\/danse-soufie.com\/","logo":{"@type":"ImageObject","inLanguage":"fr-FR","@id":"https:\/\/danse-soufie.com\/#\/schema\/logo\/image\/","url":"https:\/\/danse-soufie.com\/wp-content\/uploads\/2025\/04\/danse-soufie-logo.webp","contentUrl":"https:\/\/danse-soufie.com\/wp-content\/uploads\/2025\/04\/danse-soufie-logo.webp","width":200,"height":106,"caption":"Danse Soufie"},"image":{"@id":"https:\/\/danse-soufie.com\/#\/schema\/logo\/image\/"},"sameAs":["https:\/\/web.facebook.com\/dansesoufie","https:\/\/www.instagram.com\/sufi_dance_school\/"]}]}},"campaignId":"","ticketed":false,"_links":{"self":[{"href":"https:\/\/danse-soufie.com\/fr\/wp-json\/wp\/v2\/pages\/3734","targetHints":{"allow":["GET"]}}],"collection":[{"href":"https:\/\/danse-soufie.com\/fr\/wp-json\/wp\/v2\/pages"}],"about":[{"href":"https:\/\/danse-soufie.com\/fr\/wp-json\/wp\/v2\/types\/page"}],"author":[{"embeddable":true,"href":"https:\/\/danse-soufie.com\/fr\/wp-json\/wp\/v2\/users\/1"}],"replies":[{"embeddable":true,"href":"https:\/\/danse-soufie.com\/fr\/wp-json\/wp\/v2\/comments?post=3734"}],"version-history":[{"count":34,"href":"https:\/\/danse-soufie.com\/fr\/wp-json\/wp\/v2\/pages\/3734\/revisions"}],"predecessor-version":[{"id":10763,"href":"https:\/\/danse-soufie.com\/fr\/wp-json\/wp\/v2\/pages\/3734\/revisions\/10763"}],"wp:attachment":[{"href":"https:\/\/danse-soufie.com\/fr\/wp-json\/wp\/v2\/media?parent=3734"}],"curies":[{"name":"wp","href":"https:\/\/api.w.org\/{rel}","templated":true}]}}